{"id":372,"date":"2025-09-24T05:35:16","date_gmt":"2025-09-24T10:35:16","guid":{"rendered":"https:\/\/gprocommissstg.wpenginepowered.com\/nuestra-historia\/"},"modified":"2025-12-21T21:17:15","modified_gmt":"2025-12-22T03:17:15","slug":"nuestra-historia","status":"publish","type":"page","link":"https:\/\/gprocommission.org\/es\/nuestra-historia\/","title":{"rendered":"Nuestra Historia"},"content":{"rendered":"\t\t<div data-elementor-type=\"wp-page\" data-elementor-id=\"372\" class=\"elementor elementor-372 elementor-47\" data-elementor-post-type=\"page\">\n\t\t\t\t<div class=\"elementor-element elementor-element-8ecc3bf e-con-full e-flex e-con e-parent\" data-id=\"8ecc3bf\" data-element_type=\"container\" data-e-type=\"container\">\n\t\t\t\t<div class=\"elementor-element elementor-element-342b0fd elementor-widget elementor-widget-template\" data-id=\"342b0fd\" data-element_type=\"widget\" data-e-type=\"widget\" data-widget_type=\"template.default\">\n\t\t\t\t<div class=\"elementor-widget-container\">\n\t\t\t\t\t\t\t<div class=\"elementor-template\">\n\t\t\t\t\t<div data-elementor-type=\"container\" data-elementor-id=\"560\" class=\"elementor elementor-560 elementor-113 elementor-113\" data-elementor-post-type=\"elementor_library\">\n\t\t\t\t<div class=\"elementor-element elementor-element-299c3f5e e-flex e-con-boxed e-con e-parent\" data-id=\"299c3f5e\" data-element_type=\"container\" data-e-type=\"container\" data-settings=\"{&quot;background_background&quot;:&quot;classic&quot;}\">\n\t\t\t\t\t<div class=\"e-con-inner\">\n\t\t<div class=\"elementor-element elementor-element-76d235f e-con-full e-flex e-con e-child\" data-id=\"76d235f\" data-element_type=\"container\" data-e-type=\"container\">\n\t\t<div class=\"elementor-element elementor-element-28635203 e-con-full e-flex e-con e-child\" data-id=\"28635203\" data-element_type=\"container\" data-e-type=\"container\">\n\t\t\t\t<div class=\"elementor-element elementor-element-7a308060 elementor-widget elementor-widget-heading\" data-id=\"7a308060\" data-element_type=\"widget\" data-e-type=\"widget\" data-widget_type=\"heading.default\">\n\t\t\t\t<div class=\"elementor-widget-container\">\n\t\t\t\t\t<h1 class=\"elementor-heading-title elementor-size-default\">Acerca de la Comisi\u00f3n de Proclamaci\u00f3n Global<\/h1>\t\t\t\t<\/div>\n\t\t\t\t<\/div>\n\t\t\t\t<\/div>\n\t\t\t\t<\/div>\n\t\t\t\t\t<\/div>\n\t\t\t\t<\/div>\n\t\t\t\t<\/div>\n\t\t\t\t<\/div>\n\t\t\t\t\t\t<\/div>\n\t\t\t\t<\/div>\n\t\t\t\t<\/div>\n\t\t<div class=\"elementor-element elementor-element-95aa28f e-con-full e-flex e-con e-parent\" data-id=\"95aa28f\" data-element_type=\"container\" data-e-type=\"container\">\n\t\t<div class=\"elementor-element elementor-element-805cd64 e-con-full e-flex e-con e-child\" data-id=\"805cd64\" data-element_type=\"container\" data-e-type=\"container\" data-settings=\"{&quot;background_background&quot;:&quot;classic&quot;}\">\n\t\t<div class=\"elementor-element elementor-element-489c197 e-flex e-con-boxed e-con e-child\" data-id=\"489c197\" data-element_type=\"container\" data-e-type=\"container\">\n\t\t\t\t\t<div class=\"e-con-inner\">\n\t\t\t\t<div class=\"elementor-element elementor-element-44f0b31 elementor-widget elementor-widget-heading\" data-id=\"44f0b31\" data-element_type=\"widget\" data-e-type=\"widget\" data-widget_type=\"heading.default\">\n\t\t\t\t<div class=\"elementor-widget-container\">\n\t\t\t\t\t<h3 class=\"elementor-heading-title elementor-size-default\">Visi\u00f3n<\/h3>\t\t\t\t<\/div>\n\t\t\t\t<\/div>\n\t\t\t\t<div class=\"elementor-element elementor-element-4e131f6 elementor-widget elementor-widget-text-editor\" data-id=\"4e131f6\" data-element_type=\"widget\" data-e-type=\"widget\" data-widget_type=\"text-editor.default\">\n\t\t\t\t<div class=\"elementor-widget-container\">\n\t\t\t\t\t\t\t\t\t<p>Ver \u201ca todos los l\u00edderes pastorales capacitados y a cada pastor, un capacitador\u201d. Juntos, buscamos el cumplimiento de la comisi\u00f3n de proclamaci\u00f3n global del Se\u00f1or Jes\u00fas: \u201cque en Su nombre se predicar\u00e1n el arrepentimiento y el perd\u00f3n a todas las naciones\u201d (Lucas 24:47; cf. Hechos 1:8).<\/p>\n\t\t\t\t\t\t\t\t<\/div>\n\t\t\t\t<\/div>\n\t\t\t\t\t<\/div>\n\t\t\t\t<\/div>\n\t\t\t\t<\/div>\n\t\t<div class=\"elementor-element elementor-element-efee595 e-con-full e-flex e-con e-child\" data-id=\"efee595\" data-element_type=\"container\" data-e-type=\"container\" data-settings=\"{&quot;background_background&quot;:&quot;classic&quot;}\">\n\t\t<div class=\"elementor-element elementor-element-c7c3f84 e-flex e-con-boxed e-con e-child\" data-id=\"c7c3f84\" data-element_type=\"container\" data-e-type=\"container\">\n\t\t\t\t\t<div class=\"e-con-inner\">\n\t\t\t\t<div class=\"elementor-element elementor-element-5072b0f elementor-widget elementor-widget-heading\" data-id=\"5072b0f\" data-element_type=\"widget\" data-e-type=\"widget\" data-widget_type=\"heading.default\">\n\t\t\t\t<div class=\"elementor-widget-container\">\n\t\t\t\t\t<h3 class=\"elementor-heading-title elementor-size-default\">Llamado<\/h3>\t\t\t\t<\/div>\n\t\t\t\t<\/div>\n\t\t\t\t<div class=\"elementor-element elementor-element-13e42b0 elementor-widget elementor-widget-text-editor\" data-id=\"13e42b0\" data-element_type=\"widget\" data-e-type=\"widget\" data-widget_type=\"text-editor.default\">\n\t\t\t\t<div class=\"elementor-widget-container\">\n\t\t\t\t\t\t\t\t\t<p>Promover la salud de la iglesia en todo el mundo, para que la salud de la iglesia vaya a la par con el crecimiento de la iglesia, especialmente en Asia, \u00c1frica y Am\u00e9rica Latina. En todas partes, y especialmente donde la Iglesia est\u00e1 creciendo, la gente lamenta que el mensaje cristiano sea tan inconsistente a causa de la superficialidad de la obediencia cristiana. Cuando se cultiva la salud de la Iglesia (Efesios 4:7-16), la transformaci\u00f3n personal afecta a los matrimonios, las familias, las vocaciones y las sociedades (G\u00e1latas 6:10).<\/p>\n\t\t\t\t\t\t\t\t<\/div>\n\t\t\t\t<\/div>\n\t\t\t\t\t<\/div>\n\t\t\t\t<\/div>\n\t\t\t\t<\/div>\n\t\t<div class=\"elementor-element elementor-element-0fb9ef6 e-con-full e-flex e-con e-child\" data-id=\"0fb9ef6\" data-element_type=\"container\" data-e-type=\"container\" data-settings=\"{&quot;background_background&quot;:&quot;classic&quot;}\">\n\t\t<div class=\"elementor-element elementor-element-f42d24a e-flex e-con-boxed e-con e-child\" data-id=\"f42d24a\" data-element_type=\"container\" data-e-type=\"container\">\n\t\t\t\t\t<div class=\"e-con-inner\">\n\t\t\t\t<div class=\"elementor-element elementor-element-33fbd59 elementor-widget elementor-widget-heading\" data-id=\"33fbd59\" data-element_type=\"widget\" data-e-type=\"widget\" data-widget_type=\"heading.default\">\n\t\t\t\t<div class=\"elementor-widget-container\">\n\t\t\t\t\t<h3 class=\"elementor-heading-title elementor-size-default\">Rol<\/h3>\t\t\t\t<\/div>\n\t\t\t\t<\/div>\n\t\t\t\t<div class=\"elementor-element elementor-element-f143e26 elementor-widget elementor-widget-text-editor\" data-id=\"f143e26\" data-element_type=\"widget\" data-e-type=\"widget\" data-widget_type=\"text-editor.default\">\n\t\t\t\t<div class=\"elementor-widget-container\">\n\t\t\t\t\t\t\t\t\t<p>Mejorar la salud pastoral al brindar habilidades ministeriales, herramientas y conexiones en todos los niveles necesarios de la capacitaci\u00f3n de pastores. Dios usa a los capacitadores de pastores para impartir salud espiritual a los l\u00edderes pastorales que pastorean millones de vidas cada d\u00eda. Ninguna otra \u201cprofesi\u00f3n\u201d influye de manera tan constante y a largo plazo sobre m\u00e1s vidas que el ministerio pastoral. Por lo tanto, los l\u00edderes pastorales necesitan aprender a predicar, vivir, pensar y servir b\u00edblicamente (1 Pedro 5:1-4).<\/p>\n\t\t\t\t\t\t\t\t<\/div>\n\t\t\t\t<\/div>\n\t\t\t\t\t<\/div>\n\t\t\t\t<\/div>\n\t\t\t\t<\/div>\n\t\t\t\t<\/div>\n\t\t<div class=\"elementor-element elementor-element-0c6d17c e-flex e-con-boxed e-con e-parent\" data-id=\"0c6d17c\" data-element_type=\"container\" data-e-type=\"container\" data-settings=\"{&quot;background_background&quot;:&quot;classic&quot;}\">\n\t\t\t\t\t<div class=\"e-con-inner\">\n\t\t<div class=\"elementor-element elementor-element-fe1e104 e-con-full e-flex e-con e-child\" data-id=\"fe1e104\" data-element_type=\"container\" data-e-type=\"container\">\n\t\t\t\t<div class=\"elementor-element elementor-element-ddf6fa5 elementor-widget elementor-widget-heading\" data-id=\"ddf6fa5\" data-element_type=\"widget\" data-e-type=\"widget\" data-widget_type=\"heading.default\">\n\t\t\t\t<div class=\"elementor-widget-container\">\n\t\t\t\t\t<h3 class=\"elementor-heading-title elementor-size-default\">Fundamentos de la GProCommission<\/h3>\t\t\t\t<\/div>\n\t\t\t\t<\/div>\n\t\t<div class=\"elementor-element elementor-element-aa70eb1 e-con-full e-flex e-con e-child\" data-id=\"aa70eb1\" data-element_type=\"container\" data-e-type=\"container\">\n\t\t<div class=\"elementor-element elementor-element-2dcccab e-con-full e-flex e-con e-child\" data-id=\"2dcccab\" data-element_type=\"container\" data-e-type=\"container\">\n\t\t\t\t<div class=\"elementor-element elementor-element-259e974 elementor-widget elementor-widget-image\" data-id=\"259e974\" data-element_type=\"widget\" data-e-type=\"widget\" data-widget_type=\"image.default\">\n\t\t\t\t<div class=\"elementor-widget-container\">\n\t\t\t\t\t\t\t\t\t\t\t\t\t\t\t<img decoding=\"async\" width=\"60\" height=\"60\" data-src=\"https:\/\/gprocommission.org\/wp-content\/uploads\/2025\/09\/abtIcon1.webp\" class=\"attachment-full size-full wp-image-367 lazyload\" alt=\"cross icon\" src=\"data:image\/svg+xml;base64,PHN2ZyB3aWR0aD0iMSIgaGVpZ2h0PSIxIiB4bWxucz0iaHR0cDovL3d3dy53My5vcmcvMjAwMC9zdmciPjwvc3ZnPg==\" style=\"--smush-placeholder-width: 60px; --smush-placeholder-aspect-ratio: 60\/60;\" \/>\t\t\t\t\t\t\t\t\t\t\t\t\t\t\t<\/div>\n\t\t\t\t<\/div>\n\t\t\t\t<div class=\"elementor-element elementor-element-14f5aa3 elementor-widget elementor-widget-heading\" data-id=\"14f5aa3\" data-element_type=\"widget\" data-e-type=\"widget\" data-widget_type=\"heading.default\">\n\t\t\t\t<div class=\"elementor-widget-container\">\n\t\t\t\t\t<h5 class=\"elementor-heading-title elementor-size-default\">Identidad y Prop\u00f3sito<\/h5>\t\t\t\t<\/div>\n\t\t\t\t<\/div>\n\t\t\t\t<div class=\"elementor-element elementor-element-af26653 elementor-widget__width-initial elementor-widget-mobile__width-inherit elementor-widget elementor-widget-text-editor\" data-id=\"af26653\" data-element_type=\"widget\" data-e-type=\"widget\" data-widget_type=\"text-editor.default\">\n\t\t\t\t<div class=\"elementor-widget-container\">\n\t\t\t\t\t\t\t\t\t<p>Un instrumento global que impulsa la capacitaci\u00f3n de un gran n\u00famero de l\u00edderes pastorales con escasa formaci\u00f3n y que se encuentran aislados, a trav\u00e9s de todos los medios eficaces y eficientes posibles con el fin de alcanzar los pr\u00f3ximos mil millones de individuos con salud espiritual<\/p>\n\t\t\t\t\t\t\t\t<\/div>\n\t\t\t\t<\/div>\n\t\t\t\t<\/div>\n\t\t<div class=\"elementor-element elementor-element-e19ddc7 e-con-full e-flex e-con e-child\" data-id=\"e19ddc7\" data-element_type=\"container\" data-e-type=\"container\">\n\t\t\t\t<div class=\"elementor-element elementor-element-014f12d elementor-widget elementor-widget-image\" data-id=\"014f12d\" data-element_type=\"widget\" data-e-type=\"widget\" data-widget_type=\"image.default\">\n\t\t\t\t<div class=\"elementor-widget-container\">\n\t\t\t\t\t\t\t\t\t\t\t\t\t\t\t<img decoding=\"async\" width=\"60\" height=\"60\" data-src=\"https:\/\/gprocommission.org\/wp-content\/uploads\/2025\/09\/abtIcon2.webp\" class=\"attachment-full size-full wp-image-368 lazyload\" alt=\"light icon\" src=\"data:image\/svg+xml;base64,PHN2ZyB3aWR0aD0iMSIgaGVpZ2h0PSIxIiB4bWxucz0iaHR0cDovL3d3dy53My5vcmcvMjAwMC9zdmciPjwvc3ZnPg==\" style=\"--smush-placeholder-width: 60px; --smush-placeholder-aspect-ratio: 60\/60;\" \/>\t\t\t\t\t\t\t\t\t\t\t\t\t\t\t<\/div>\n\t\t\t\t<\/div>\n\t\t\t\t<div class=\"elementor-element elementor-element-357bbba elementor-widget elementor-widget-heading\" data-id=\"357bbba\" data-element_type=\"widget\" data-e-type=\"widget\" data-widget_type=\"heading.default\">\n\t\t\t\t<div class=\"elementor-widget-container\">\n\t\t\t\t\t<h5 class=\"elementor-heading-title elementor-size-default\">Visi\u00f3n e Impacto <\/h5>\t\t\t\t<\/div>\n\t\t\t\t<\/div>\n\t\t\t\t<div class=\"elementor-element elementor-element-fabc259 elementor-widget__width-initial elementor-widget-mobile__width-inherit elementor-widget elementor-widget-text-editor\" data-id=\"fabc259\" data-element_type=\"widget\" data-e-type=\"widget\" data-widget_type=\"text-editor.default\">\n\t\t\t\t<div class=\"elementor-widget-container\">\n\t\t\t\t\t\t\t\t\t<p>Todos los l\u00edderes pastorales con capacitaci\u00f3n b\u00e1sica y cada pastor tambi\u00e9n un capacitador de pastores para que la salud de la iglesia pueda seguir el ritmo de su crecimiento<\/p>\n\t\t\t\t\t\t\t\t<\/div>\n\t\t\t\t<\/div>\n\t\t\t\t<\/div>\n\t\t<div class=\"elementor-element elementor-element-7eef969 e-con-full e-flex e-con e-child\" data-id=\"7eef969\" data-element_type=\"container\" data-e-type=\"container\">\n\t\t\t\t<div class=\"elementor-element elementor-element-3264c70 elementor-widget elementor-widget-image\" data-id=\"3264c70\" data-element_type=\"widget\" data-e-type=\"widget\" data-widget_type=\"image.default\">\n\t\t\t\t<div class=\"elementor-widget-container\">\n\t\t\t\t\t\t\t\t\t\t\t\t\t\t\t<img decoding=\"async\" width=\"60\" height=\"60\" data-src=\"https:\/\/gprocommission.org\/wp-content\/uploads\/2025\/09\/abtIcon3.webp\" class=\"attachment-full size-full wp-image-369 lazyload\" alt=\"target icon\" src=\"data:image\/svg+xml;base64,PHN2ZyB3aWR0aD0iMSIgaGVpZ2h0PSIxIiB4bWxucz0iaHR0cDovL3d3dy53My5vcmcvMjAwMC9zdmciPjwvc3ZnPg==\" style=\"--smush-placeholder-width: 60px; --smush-placeholder-aspect-ratio: 60\/60;\" \/>\t\t\t\t\t\t\t\t\t\t\t\t\t\t\t<\/div>\n\t\t\t\t<\/div>\n\t\t\t\t<div class=\"elementor-element elementor-element-8801b98 elementor-widget elementor-widget-heading\" data-id=\"8801b98\" data-element_type=\"widget\" data-e-type=\"widget\" data-widget_type=\"heading.default\">\n\t\t\t\t<div class=\"elementor-widget-container\">\n\t\t\t\t\t<h5 class=\"elementor-heading-title elementor-size-default\">Misi\u00f3n y Valores<\/h5>\t\t\t\t<\/div>\n\t\t\t\t<\/div>\n\t\t\t\t<div class=\"elementor-element elementor-element-ab0a202 elementor-widget__width-initial elementor-widget-mobile__width-inherit elementor-widget elementor-widget-text-editor\" data-id=\"ab0a202\" data-element_type=\"widget\" data-e-type=\"widget\" data-widget_type=\"text-editor.default\">\n\t\t\t\t<div class=\"elementor-widget-container\">\n\t\t\t\t\t\t\t\t\t<p>Mayor rapidez en la entrega de una mejor capacitaci\u00f3n a m\u00e1s l\u00edderes pastorales, a un menor costo ya que la salud pastoral afecta a la salud de la iglesia y la salud de la iglesia afecta a la salud de la sociedad<\/p>\n\t\t\t\t\t\t\t\t<\/div>\n\t\t\t\t<\/div>\n\t\t\t\t<\/div>\n\t\t<div class=\"elementor-element elementor-element-f757ed2 e-con-full e-flex e-con e-child\" data-id=\"f757ed2\" data-element_type=\"container\" data-e-type=\"container\">\n\t\t\t\t<div class=\"elementor-element elementor-element-809d991 elementor-widget elementor-widget-image\" data-id=\"809d991\" data-element_type=\"widget\" data-e-type=\"widget\" data-widget_type=\"image.default\">\n\t\t\t\t<div class=\"elementor-widget-container\">\n\t\t\t\t\t\t\t\t\t\t\t\t\t\t\t<img decoding=\"async\" width=\"60\" height=\"60\" data-src=\"https:\/\/gprocommission.org\/wp-content\/uploads\/2025\/09\/abtIcon4.webp\" class=\"attachment-full size-full wp-image-370 lazyload\" alt=\"teamwork icon\" src=\"data:image\/svg+xml;base64,PHN2ZyB3aWR0aD0iMSIgaGVpZ2h0PSIxIiB4bWxucz0iaHR0cDovL3d3dy53My5vcmcvMjAwMC9zdmciPjwvc3ZnPg==\" style=\"--smush-placeholder-width: 60px; --smush-placeholder-aspect-ratio: 60\/60;\" \/>\t\t\t\t\t\t\t\t\t\t\t\t\t\t\t<\/div>\n\t\t\t\t<\/div>\n\t\t\t\t<div class=\"elementor-element elementor-element-3bacc09 elementor-widget elementor-widget-heading\" data-id=\"3bacc09\" data-element_type=\"widget\" data-e-type=\"widget\" data-widget_type=\"heading.default\">\n\t\t\t\t<div class=\"elementor-widget-container\">\n\t\t\t\t\t<h5 class=\"elementor-heading-title elementor-size-default\">Estrategia y Actividades<\/h5>\t\t\t\t<\/div>\n\t\t\t\t<\/div>\n\t\t\t\t<div class=\"elementor-element elementor-element-551bdfd elementor-widget__width-initial elementor-widget-mobile__width-inherit elementor-widget elementor-widget-text-editor\" data-id=\"551bdfd\" data-element_type=\"widget\" data-e-type=\"widget\" data-widget_type=\"text-editor.default\">\n\t\t\t\t<div class=\"elementor-widget-container\">\n\t\t\t\t\t\t\t\t\t<p>Conectar, unir y fortalecer a los l\u00edderes pastorales y a los capacitadores de pastores a trav\u00e9s de eventos neutrales en cuanto a sectores y relacionados a la causa, seguimiento, formaci\u00f3n en l\u00ednea y aprendizaje guiado con la colaboraci\u00f3n de corrientes de capacitaci\u00f3n no formales, formales e informales<\/p>\n\t\t\t\t\t\t\t\t<\/div>\n\t\t\t\t<\/div>\n\t\t\t\t<\/div>\n\t\t\t\t<\/div>\n\t\t\t\t<\/div>\n\t\t\t\t\t<\/div>\n\t\t\t\t<\/div>\n\t\t<div class=\"elementor-element elementor-element-8c90659 e-flex e-con-boxed e-con e-parent\" data-id=\"8c90659\" data-element_type=\"container\" data-e-type=\"container\" data-settings=\"{&quot;background_background&quot;:&quot;classic&quot;}\">\n\t\t\t\t\t<div class=\"e-con-inner\">\n\t\t<div class=\"elementor-element elementor-element-ed4e97f e-con-full e-flex e-con e-child\" data-id=\"ed4e97f\" data-element_type=\"container\" data-e-type=\"container\">\n\t\t\t\t<div class=\"elementor-element elementor-element-01326d5 elementor-widget elementor-widget-heading\" data-id=\"01326d5\" data-element_type=\"widget\" data-e-type=\"widget\" data-widget_type=\"heading.default\">\n\t\t\t\t<div class=\"elementor-widget-container\">\n\t\t\t\t\t<h5 class=\"elementor-heading-title elementor-size-default\">Objetivo y Mandato 2030 (D.V)<\/h5>\t\t\t\t<\/div>\n\t\t\t\t<\/div>\n\t\t<div class=\"elementor-element elementor-element-4d297a3 e-con-full e-flex e-con e-child\" data-id=\"4d297a3\" data-element_type=\"container\" data-e-type=\"container\">\n\t\t<div class=\"elementor-element elementor-element-f93be21 e-con-full e-flex e-con e-child\" data-id=\"f93be21\" data-element_type=\"container\" data-e-type=\"container\">\n\t\t\t\t<div class=\"elementor-element elementor-element-8790fb8 noMarginLast elementor-widget elementor-widget-heading\" data-id=\"8790fb8\" data-element_type=\"widget\" data-e-type=\"widget\" data-widget_type=\"heading.default\">\n\t\t\t\t<div class=\"elementor-widget-container\">\n\t\t\t\t\t<p class=\"elementor-heading-title elementor-size-default\">100,000<\/p>\t\t\t\t<\/div>\n\t\t\t\t<\/div>\n\t\t\t\t<div class=\"elementor-element elementor-element-85d0b1d elementor-widget elementor-widget-heading\" data-id=\"85d0b1d\" data-element_type=\"widget\" data-e-type=\"widget\" data-widget_type=\"heading.default\">\n\t\t\t\t<div class=\"elementor-widget-container\">\n\t\t\t\t\t<h5 class=\"elementor-heading-title elementor-size-default\">Capacitadores de pastores m\u00e1s<\/h5>\t\t\t\t<\/div>\n\t\t\t\t<\/div>\n\t\t\t\t<\/div>\n\t\t<div class=\"elementor-element elementor-element-7aca09a e-con-full e-flex e-con e-child\" data-id=\"7aca09a\" data-element_type=\"container\" data-e-type=\"container\">\n\t\t\t\t<div class=\"elementor-element elementor-element-621aa5f noMarginLast elementor-widget elementor-widget-heading\" data-id=\"621aa5f\" data-element_type=\"widget\" data-e-type=\"widget\" data-widget_type=\"heading.default\">\n\t\t\t\t<div class=\"elementor-widget-container\">\n\t\t\t\t\t<p class=\"elementor-heading-title elementor-size-default\">1 Mill\u00f3n<\/p>\t\t\t\t<\/div>\n\t\t\t\t<\/div>\n\t\t\t\t<div class=\"elementor-element elementor-element-aba0cc6 elementor-widget elementor-widget-heading\" data-id=\"aba0cc6\" data-element_type=\"widget\" data-e-type=\"widget\" data-widget_type=\"heading.default\">\n\t\t\t\t<div class=\"elementor-widget-container\">\n\t\t\t\t\t<h5 class=\"elementor-heading-title elementor-size-default\">De l\u00edderes pastorales mejor formados<\/h5>\t\t\t\t<\/div>\n\t\t\t\t<\/div>\n\t\t\t\t<\/div>\n\t\t<div class=\"elementor-element elementor-element-3c13ae8 e-con-full e-flex e-con e-child\" data-id=\"3c13ae8\" data-element_type=\"container\" data-e-type=\"container\">\n\t\t\t\t<div class=\"elementor-element elementor-element-1c8f8c7 noMarginLast elementor-widget elementor-widget-heading\" data-id=\"1c8f8c7\" data-element_type=\"widget\" data-e-type=\"widget\" data-widget_type=\"heading.default\">\n\t\t\t\t<div class=\"elementor-widget-container\">\n\t\t\t\t\t<p class=\"elementor-heading-title elementor-size-default\">10,000<\/p>\t\t\t\t<\/div>\n\t\t\t\t<\/div>\n\t\t\t\t<div class=\"elementor-element elementor-element-946e359 elementor-widget elementor-widget-heading\" data-id=\"946e359\" data-element_type=\"widget\" data-e-type=\"widget\" data-widget_type=\"heading.default\">\n\t\t\t\t<div class=\"elementor-widget-container\">\n\t\t\t\t\t<h5 class=\"elementor-heading-title elementor-size-default\">Cursos y planes de estudios pertinentes disponibles<\/h5>\t\t\t\t<\/div>\n\t\t\t\t<\/div>\n\t\t\t\t<\/div>\n\t\t\t\t<\/div>\n\t\t\t\t<div class=\"elementor-element elementor-element-77314de elementor-widget elementor-widget-text-editor\" data-id=\"77314de\" data-element_type=\"widget\" data-e-type=\"widget\" data-widget_type=\"text-editor.default\">\n\t\t\t\t<div class=\"elementor-widget-container\">\n\t\t\t\t\t\t\t\t\t<p>para acelerar la salud de la Iglesia de Cristo all\u00ed donde est\u00e1 creciendo<\/p>\n\t\t\t\t\t\t\t\t<\/div>\n\t\t\t\t<\/div>\n\t\t\t\t<\/div>\n\t\t\t\t\t<\/div>\n\t\t\t\t<\/div>\n\t\t<div class=\"elementor-element elementor-element-09888bb e-flex e-con-boxed e-con e-parent\" data-id=\"09888bb\" data-element_type=\"container\" data-e-type=\"container\" data-settings=\"{&quot;background_background&quot;:&quot;classic&quot;}\">\n\t\t\t\t\t<div class=\"e-con-inner\">\n\t\t<div class=\"elementor-element elementor-element-01ed484 e-con-full e-flex e-con e-child\" data-id=\"01ed484\" data-element_type=\"container\" data-e-type=\"container\">\n\t\t\t\t<div class=\"elementor-element elementor-element-99f3121 elementor-widget elementor-widget-heading\" data-id=\"99f3121\" data-element_type=\"widget\" data-e-type=\"widget\" data-widget_type=\"heading.default\">\n\t\t\t\t<div class=\"elementor-widget-container\">\n\t\t\t\t\t<h3 class=\"elementor-heading-title elementor-size-default\">Historial de GProCommission<\/h3>\t\t\t\t<\/div>\n\t\t\t\t<\/div>\n\t\t\t\t<div class=\"elementor-element elementor-element-334e1d6 cnTimeline listNoPad listBlue elementor-widget elementor-widget-timeline-widget-addon\" data-id=\"334e1d6\" data-element_type=\"widget\" data-e-type=\"widget\" data-widget_type=\"timeline-widget-addon.default\">\n\t\t\t\t<div class=\"elementor-widget-container\">\n\t\t\t\t\t<!-- ========= Timeline Widget Addon For Elementor 1.6.24 ========= -->\n<div id=\"twae-wrapper-334e1d6\" class=\"twae-vertical twae-wrapper  twae-both-sided\">   \n    <div class=\"twae-start\"><\/div>    \n    <div id=\"twea-timeline-334e1d6\" class=\"twae-timeline\" ><!-- Start of Story Repeater Content --><div id=\"story-220d417\" class=\"twae-story twae-repeater-item twae-story-right twae-story-no-icon\"><!-- Story Icon Dot --><div class=\"twae-icondot\"><\/div><!-- Story Arrow --><div class=\"twae-arrow\"><\/div><!-- Start of Story Content --><div class=\"twae-content\"><!-- Story Title --><div class=\"twae-title\">1997<\/div><!-- Story Description --><div class=\"twae-description\"><p>RREACH convoca una consulta en el Instituto Billy Graham de Evangelismo (Wheaton, Illinois, EE. UU.) con participantes de 99 organizaciones.<\/p>\n<ul>\n<li>Los participantes tienen la convicci\u00f3n del \u201cpecado de hacer lo que uno quiere\u201d.<\/li>\n<li>Nace TOPIC (Coalici\u00f3n Internacional de Capacitadores de Pastores) para acelerar la capacitaci\u00f3n no formal de pastores.<\/li>\n<li>Cientos de iniciativas de capacitaci\u00f3n no formal se conectan con TOPIC en distintos niveles.<\/li>\n<\/ul>\n<\/div><\/div><\/div><!-- Start of Story Repeater Content --><div id=\"story-60306fe\" class=\"twae-story twae-repeater-item twae-story-left twae-story-no-icon\"><!-- Story Icon Dot --><div class=\"twae-icondot\"><\/div><!-- Story Arrow --><div class=\"twae-arrow\"><\/div><!-- Start of Story Content --><div class=\"twae-content\"><!-- Story Title --><div class=\"twae-title\">2010<\/div><!-- Story Description --><div class=\"twae-description\"><p>En el Congreso de Lausana, capacitadores de pastores de los sectores formales y no formales se re\u00fanen para tender puentes entre ambos mundos.<\/p>\n<ul>\n<li><a href=\"https:\/\/gprocommission.org\/wp-content\/uploads\/2025\/11\/Cape-Town-Declaration.pdf\" target=\"_blank\" rel=\"noopener\">La Declaraci\u00f3n de los Capacitadores Pastorales de la Ciudad del Cabo<\/a> se compromete a fomentar la confianza, la colaboraci\u00f3n y a aprovechar las fortalezas de cada sector para preparar a pastores maduros en todo el mundo.<\/li>\n<\/ul>\n<\/div><\/div><\/div><!-- Start of Story Repeater Content --><div id=\"story-29431cf\" class=\"twae-story twae-repeater-item twae-story-right twae-story-no-icon\"><!-- Story Icon Dot --><div class=\"twae-icondot\"><\/div><!-- Story Arrow --><div class=\"twae-arrow\"><\/div><!-- Start of Story Content --><div class=\"twae-content\"><!-- Story Title --><div class=\"twae-title\">2011<\/div><!-- Story Description --><div class=\"twae-description\"><p>RREACH lanza la Comisi\u00f3n de Proclamaci\u00f3n Global (GProCommission), una campa\u00f1a de capital humano de dos d\u00e9cadas para promover la capacitaci\u00f3n pastoral, especialmente donde la salud de la iglesia queda rezagada con respecto al crecimiento de la iglesia.<\/p>\n<\/div><\/div><\/div><!-- Start of Story Repeater Content --><div id=\"story-bf65a96\" class=\"twae-story twae-repeater-item twae-story-left twae-story-no-icon\"><!-- Story Icon Dot --><div class=\"twae-icondot\"><\/div><!-- Story Arrow --><div class=\"twae-arrow\"><\/div><!-- Start of Story Content --><div class=\"twae-content\"><!-- Story Title --><div class=\"twae-title\">2011\u20132020<br>(Primera d\u00e9cada: RREACHABLE 2020)<\/div><!-- Story Description --><div class=\"twae-description\"><ul>\n<li>El impulso se acelera en el GProCongress I (Bangkok, 2016), un evento de ocho d\u00edas con cuatro a\u00f1os de seguimiento.<\/li>\n<li>Objetivo: reducir el d\u00e9ficit mundial de pastores capacitados en un 5 % (100.000 l\u00edderes).<\/li>\n<li><a href=\"https:\/\/gprocommission.org\/global-report\/\">Resultado<\/a>: m\u00e1s de 280.000 l\u00edderes pastorales mejor capacitados a mediados del 2021, superando el objetivo, por debajo del presupuesto y antes de lo previsto.<\/li>\n<\/ul>\n<\/div><\/div><\/div><!-- Start of Story Repeater Content --><div id=\"story-6b2bfe5\" class=\"twae-story twae-repeater-item twae-story-right twae-story-no-icon\"><!-- Story Icon Dot --><div class=\"twae-icondot\"><\/div><!-- Story Arrow --><div class=\"twae-arrow\"><\/div><!-- Start of Story Content --><div class=\"twae-content\"><!-- Story Title --><div class=\"twae-title\">2021\u20132030<br>(Segunda d\u00e9cada: RREACHABILITY 2030)<\/div><!-- Story Description --><div class=\"twae-description\"><p>El enfoque pasa de formar a m\u00e1s pastores a multiplicar el n\u00famero de capacitadores de pastores.<\/p>\n<\/div><\/div><\/div><!-- Start of Story Repeater Content --><div id=\"story-2773c8f\" class=\"twae-story twae-repeater-item twae-story-left twae-story-no-icon\"><!-- Story Icon Dot --><div class=\"twae-icondot\"><\/div><!-- Story Arrow --><div class=\"twae-arrow\"><\/div><!-- Start of Story Content --><div class=\"twae-content\"><!-- Story Title --><div class=\"twae-title\">Junio \u200b\u200bde 2022 <\/div><!-- Story Description --><div class=\"twae-description\"><p>Representantes de TOPIC (no formal), MentorLink (informal) e ICETE (formal) se re\u00fanen ante la urgente necesidad de mejorar y acelerar la capacitaci\u00f3n pastoral.<\/p>\n<\/div><\/div><\/div><!-- Start of Story Repeater Content --><div id=\"story-0cd5970\" class=\"twae-story twae-repeater-item twae-story-right twae-story-no-icon\"><!-- Story Icon Dot --><div class=\"twae-icondot\"><\/div><!-- Story Arrow --><div class=\"twae-arrow\"><\/div><!-- Start of Story Content --><div class=\"twae-content\"><!-- Story Title --><div class=\"twae-title\">Noviembre de 2022<\/div><!-- Story Description --><div class=\"twae-description\"><p>Tema de la consulta global de ICETE: \u201cEducaci\u00f3n teol\u00f3gica formal y no formal: m\u00e1s all\u00e1 del di\u00e1logo\u201d.<\/p>\n<\/div><\/div><\/div><!-- Start of Story Repeater Content --><div id=\"story-b84c81e\" class=\"twae-story twae-repeater-item twae-story-left twae-story-no-icon\"><!-- Story Icon Dot --><div class=\"twae-icondot\"><\/div><!-- Story Arrow --><div class=\"twae-arrow\"><\/div><!-- Start of Story Content --><div class=\"twae-content\"><!-- Story Title --><div class=\"twae-title\">Marzo de 2023<\/div><!-- Story Description --><div class=\"twae-description\"><p>TOPIC convoca a las principales organizaciones no formales para explorar una pregunta clave: \u201c\u00bfDe qu\u00e9 manera la colaboraci\u00f3n podr\u00eda acelerar la capacitaci\u00f3n de pastores en todo el mundo?\u201d.<\/p>\n<\/div><\/div><\/div><!-- Start of Story Repeater Content --><div id=\"story-00d4ff0\" class=\"twae-story twae-repeater-item twae-story-right twae-story-no-icon\"><!-- Story Icon Dot --><div class=\"twae-icondot\"><\/div><!-- Story Arrow --><div class=\"twae-arrow\"><\/div><!-- Start of Story Content --><div class=\"twae-content\"><!-- Story Title --><div class=\"twae-title\">Abril de 2023<\/div><!-- Story Description --><div class=\"twae-description\"><p>MentorLink lanza PMIN (Pastor Mentoring International Network), una red internacional de mentoreo de pastores.<\/p>\n<\/div><\/div><\/div><!-- Start of Story Repeater Content --><div id=\"story-b6699d2\" class=\"twae-story twae-repeater-item twae-story-left twae-story-no-icon\"><!-- Story Icon Dot --><div class=\"twae-icondot\"><\/div><!-- Story Arrow --><div class=\"twae-arrow\"><\/div><!-- Start of Story Content --><div class=\"twae-content\"><!-- Story Title --><div class=\"twae-title\">Noviembre de 2023 <\/div><!-- Story Description --><div class=\"twae-description\"><p>El GProCongress II (Panam\u00e1) convoca a capacitadores de pastores de todo el mundo para reflexionar y avanzar en el tema central: la multiplicaci\u00f3n de capacitadores de pastores.<\/p>\n<ul>\n<li>Cada delegado se compromete a levantar al menos a un nuevo capacitador de pastores al a\u00f1o.<\/li>\n<li>Cada nuevo capacitador se compromete a capacitar a una media de 10 l\u00edderes pastorales para el a\u00f1o 2030, con el objetivo de alcanzar un mill\u00f3n de pastores mejor capacitados para ese a\u00f1o, con la ayuda del Se\u00f1or.<\/li>\n<\/ul>\n<\/div><\/div><\/div><!-- Start of Story Repeater Content --><div id=\"story-6e07dc5\" class=\"twae-story twae-repeater-item twae-story-right twae-story-no-icon\"><!-- Story Icon Dot --><div class=\"twae-icondot\"><\/div><!-- Story Arrow --><div class=\"twae-arrow\"><\/div><!-- Start of Story Content --><div class=\"twae-content\"><!-- Story Title --><div class=\"twae-title\">Octubre de 2024<\/div><!-- Story Description --><div class=\"twae-description\"><p>GProCongress II \u2013 Edici\u00f3n \u00c1frica convoca a 141 capacitadores de pastores de 33 pa\u00edses en Nairobi, Kenia, en respuesta al profundo pesar y a las reiteradas solicitudes de cientos de postulantes africanos que no pudieron asistir al congreso de Panam\u00e1 2023.<\/p>\n<ul>\n<li>Los delegados se comprometen a levantar 4.809 nuevos capacitadores de pastores y a capacitar a 23.627 l\u00edderes pastorales cada a\u00f1o, lo que representa un avance significativo en la visi\u00f3n compartida para 2030.<\/li>\n<\/ul>\n<\/div><\/div><\/div><!-- Start of Story Repeater Content --><div id=\"story-c27ce88\" class=\"twae-story twae-repeater-item twae-story-left twae-story-no-icon\"><!-- Story Icon Dot --><div class=\"twae-icondot\"><\/div><!-- Story Arrow --><div class=\"twae-arrow\"><\/div><!-- Start of Story Content --><div class=\"twae-content\"><!-- Story Title --><div class=\"twae-title\">2025<\/div><!-- Story Description --><div class=\"twae-description\"><p>La GProCommission lanza MLTPL 100 (Multiplicar Capacitadores Locales de L\u00edderes Pastorales), como una expresi\u00f3n concreta de la visi\u00f3n 2030, con el prop\u00f3sito de ver:<\/p>\n<ul>\n<li>Iniciativas de capacitaci\u00f3n pastoral consolidadas en 100 pa\u00edses<\/li>\n<li>1.000 institutos b\u00edblicos y seminarios comprometidos<\/li>\n<li>La capacitaci\u00f3n pastoral integrada en la filosof\u00eda ministerial de 10.000 pastores e iglesias<\/li>\n<\/ul>\n<\/div><\/div><\/div><\/div>\n    <div class=\"twae-end\"><\/div>\n    <\/div><style type=\"text\/css\">@media (max-width: 1024px){ .twae-wrapper{--tw-ybx-size: 80px !important;}}@media (max-width: 767px){ .twae-wrapper{--tw-ybx-size: 80px !important}}<\/style>\t\t\t\t<\/div>\n\t\t\t\t<\/div>\n\t\t\t\t<\/div>\n\t\t\t\t\t<\/div>\n\t\t\t\t<\/div>\n\t\t\t\t<\/div>\n\t\t","protected":false},"excerpt":{"rendered":"<p>Visi\u00f3n Ver \u201ca todos los l\u00edderes pastorales capacitados y a cada pastor, un capacitador\u201d. Juntos, buscamos el cumplimiento de la comisi\u00f3n de proclamaci\u00f3n global del Se\u00f1or Jes\u00fas: \u201cque en Su nombre se predicar\u00e1n el arrepentimiento y el perd\u00f3n a todas las naciones\u201d (Lucas 24:47; cf. Hechos 1:8). Llamado Promover la salud de la iglesia en [&hellip;]<\/p>\n","protected":false},"author":2,"featured_media":0,"parent":0,"menu_order":0,"comment_status":"closed","ping_status":"closed","template":"","meta":{"_acf_changed":false,"footnotes":""},"class_list":["post-372","page","type-page","status-publish","hentry","entry"],"acf":[],"_links":{"self":[{"href":"https:\/\/gprocommission.org\/es\/wp-json\/wp\/v2\/pages\/372","targetHints":{"allow":["GET"]}}],"collection":[{"href":"https:\/\/gprocommission.org\/es\/wp-json\/wp\/v2\/pages"}],"about":[{"href":"https:\/\/gprocommission.org\/es\/wp-json\/wp\/v2\/types\/page"}],"author":[{"embeddable":true,"href":"https:\/\/gprocommission.org\/es\/wp-json\/wp\/v2\/users\/2"}],"replies":[{"embeddable":true,"href":"https:\/\/gprocommission.org\/es\/wp-json\/wp\/v2\/comments?post=372"}],"version-history":[{"count":0,"href":"https:\/\/gprocommission.org\/es\/wp-json\/wp\/v2\/pages\/372\/revisions"}],"wp:attachment":[{"href":"https:\/\/gprocommission.org\/es\/wp-json\/wp\/v2\/media?parent=372"}],"curies":[{"name":"wp","href":"https:\/\/api.w.org\/{rel}","templated":true}]}}